{"id":12842,"date":"2024-10-31T18:34:20","date_gmt":"2024-10-31T17:34:20","guid":{"rendered":"https:\/\/finbec.ch\/?post_type=erleben&#038;p=12842"},"modified":"2025-07-04T19:06:13","modified_gmt":"2025-07-04T17:06:13","slug":"les-finesses-de-fin-bec-fr","status":"publish","type":"erleben","link":"https:\/\/finbec.ch\/fr\/explorez\/les-finesses-de-fin-bec-fr\/","title":{"rendered":"LES FINESSES DE FIN BEC"},"content":{"rendered":"\n<p class=\"wp-block-paragraph\" data-block-type=\"core\"><strong>Go\u00fbtez aux d\u00e9lices artisanaux des producteurs r\u00e9gionaux.<\/strong><\/p>\n\n\n\n<p class=\"wp-block-paragraph\" data-block-type=\"core\">Savourez des d\u00e9licatesses de choix, dont du saumon fum\u00e9 de mani\u00e8re artisanale, des fromages fins et des jus de fruits frais.<\/p>\n\n\n\n<p class=\"wp-block-paragraph\" data-block-type=\"core\">Accompagn\u00e9s de nos vins Fin Bec, ces d\u00e9lices locaux constituent le cadeau de No\u00ebl id\u00e9al pour la famille et les amis.<\/p>\n\n\n\n<p class=\"wp-block-paragraph\" data-block-type=\"core\"><strong>Vendredi 29.11. de 16h \u2013 21h<\/strong><\/p>\n\n\n\n<p class=\"wp-block-paragraph\" data-block-type=\"core\"><strong>Samedi 30.11. de 10h \u201314h<\/strong><\/p>\n\n\n\n<p class=\"wp-block-paragraph\" data-block-type=\"core\">D\u00e9gustation &amp; Ventes Coffrets cadeaux de No\u00ebl<\/p>\n\n\n\n<h2 class=\"wp-block-heading\" data-block-type=\"core\">Les Artisans:&nbsp;<\/h2>\n\n\n\n<ul class=\"wp-block-list\" data-block-type=\"core\">\n<li data-block-type=\"core\">Fin Miel \u2013 Miel de Cave Fin Bec<\/li>\n\n\n\n<li data-block-type=\"core\">Del Genio \u2013 Artisans bouchers<\/li>\n\n\n\n<li data-block-type=\"core\">Iris - Jus de fruit du Valais<\/li>\n\n\n\n<li data-block-type=\"core\">Amstein SA - L'\u00e0mbassadeur de la bi\u00e8re<\/li>\n\n\n\n<li data-block-type=\"core\">L'Essencier - Guillaume Mayor<\/li>\n\n\n\n<li data-block-type=\"core\">Theler Roger - Saumon fum\u00e9<\/li>\n\n\n\n<li data-block-type=\"core\">Michellod - Boulangerie<\/li>\n\n\n\n<li data-block-type=\"core\">La Grenette \u2013 Fromagerie<\/li>\n<\/ul>\n","protected":false},"excerpt":{"rendered":"<p>D\u00e9gustation &#038; vente d'\u00e9picerie fine locale et de coffrets-cadeaux de No\u00ebl personnalis\u00e9s.<\/p>\n","protected":false},"featured_media":12763,"template":"","class_list":["post-12842","erleben","type-erleben","status-publish","has-post-thumbnail","hentry"],"acf":[],"_links":{"self":[{"href":"https:\/\/finbec.ch\/fr\/wp-json\/wp\/v2\/erleben\/12842","targetHints":{"allow":["GET"]}}],"collection":[{"href":"https:\/\/finbec.ch\/fr\/wp-json\/wp\/v2\/erleben"}],"about":[{"href":"https:\/\/finbec.ch\/fr\/wp-json\/wp\/v2\/types\/erleben"}],"wp:featuredmedia":[{"embeddable":true,"href":"https:\/\/finbec.ch\/fr\/wp-json\/wp\/v2\/media\/12763"}],"wp:attachment":[{"href":"https:\/\/finbec.ch\/fr\/wp-json\/wp\/v2\/media?parent=12842"}],"curies":[{"name":"wp","href":"https:\/\/api.w.org\/{rel}","templated":true}]}}