{"id":13755,"date":"2025-03-04T13:52:33","date_gmt":"2025-03-04T12:52:33","guid":{"rendered":"https:\/\/finbec.ch\/?post_type=erleben&#038;p=13755"},"modified":"2025-03-10T10:00:19","modified_gmt":"2025-03-10T09:00:19","slug":"presentation-de-la-rosee","status":"publish","type":"erleben","link":"https:\/\/finbec.ch\/fr\/explorez\/presentation-de-la-rosee\/","title":{"rendered":"La Ros\u00e9e : Pr\u00e9sentation du nouveau Ros\u00e9 p\u00e9tillant"},"content":{"rendered":"\n<p class=\"wp-block-paragraph\" data-block-type=\"core\">Profitez de la d\u00e9gustation exclusive de notre nouveau ros\u00e9 La Ros\u00e9e dans une ambiance conviviale \u2013 et r\u00e9servez votre coffret d\u00e9couverte !<\/p>\n","protected":false},"excerpt":{"rendered":"<p>D\u00e9couvrez La Ros\u00e9e \u2013 le nouveau et \u00e9l\u00e9gant ros\u00e9 de Fin Bec ! Nous avons le plaisir de vous inviter \u00e0 sa pr\u00e9sentation officielle le 14 avril 2025 \u00e0 la Cave Fin Bec. Profitez de moments de d\u00e9gustation raffin\u00e9s, d\u2019une ambiance conviviale et de la toute premi\u00e8re gorg\u00e9e de notre derni\u00e8re cr\u00e9ation.<\/p>\n","protected":false},"featured_media":13753,"template":"","class_list":["post-13755","erleben","type-erleben","status-publish","has-post-thumbnail","hentry"],"acf":[],"_links":{"self":[{"href":"https:\/\/finbec.ch\/fr\/wp-json\/wp\/v2\/erleben\/13755","targetHints":{"allow":["GET"]}}],"collection":[{"href":"https:\/\/finbec.ch\/fr\/wp-json\/wp\/v2\/erleben"}],"about":[{"href":"https:\/\/finbec.ch\/fr\/wp-json\/wp\/v2\/types\/erleben"}],"wp:featuredmedia":[{"embeddable":true,"href":"https:\/\/finbec.ch\/fr\/wp-json\/wp\/v2\/media\/13753"}],"wp:attachment":[{"href":"https:\/\/finbec.ch\/fr\/wp-json\/wp\/v2\/media?parent=13755"}],"curies":[{"name":"wp","href":"https:\/\/api.w.org\/{rel}","templated":true}]}}