{"id":5262,"date":"2022-01-19T16:20:32","date_gmt":"2022-01-19T15:20:32","guid":{"rendered":"https:\/\/p649762.mittwaldserver.info\/a-propos-de-nous-2\/"},"modified":"2025-07-04T18:52:21","modified_gmt":"2025-07-04T16:52:21","slug":"a-propos-de-fin-bec","status":"publish","type":"page","link":"https:\/\/finbec.ch\/fr\/decouvrir\/a-propos-de-fin-bec\/","title":{"rendered":"\u00c0 propos de Fin Bec - Une entreprise familiale pour les gourmets"},"content":{"rendered":"\n<div class=\"wp-block-stackable-columns stk-block-columns stk-block stk-efd3140\" data-block-id=\"efd3140\"><style>.stk-efd3140{margin-bottom:50px !important}<\/style><div class=\"stk-row stk-inner-blocks stk-block-content stk-content-align stk-efd3140-column\">\n<div class=\"wp-block-stackable-column stk-block-column stk-column stk-block stk-64de9b2\" data-v=\"4\" data-block-id=\"64de9b2\"><style>@media screen and (min-width:768px){.stk-64de9b2{flex:1 1 calc(15% - var(--stk-column-gap,0px) * 2 \/ 3 ) !important}}<\/style><div class=\"stk-column-wrapper stk-block-column__content stk-container stk-64de9b2-container stk--no-background stk--no-padding\"><div class=\"stk-block-content stk-inner-blocks stk-64de9b2-inner-blocks\"><\/div><\/div><\/div>\n\n\n\n<div class=\"wp-block-stackable-column stk-block-column stk-column stk-block stk-da979bc\" data-v=\"4\" data-block-id=\"da979bc\"><style>.stk-da979bc-container{padding-top:30px !important;padding-right:30px !important;padding-bottom:30px !important;padding-left:30px !important}@media screen and (min-width:768px){.stk-da979bc{flex:1 1 calc(70% - var(--stk-column-gap,0px) * 2 \/ 3 ) !important}}<\/style><div class=\"stk-column-wrapper stk-block-column__content stk-container stk-da979bc-container stk--no-background stk--no-padding\"><div class=\"stk-block-content stk-inner-blocks stk-da979bc-inner-blocks\">\n<div class=\"wp-block-stackable-heading stk-block-heading stk-block-heading--v2 stk-block stk-06b56b3\" id=\"a-propos-de-nous\" data-block-id=\"06b56b3\"><style>.stk-06b56b3{margin-bottom:50px !important}<\/style><h2 class=\"stk-block-heading__text has-text-align-center stk-block-heading--use-theme-margins\">\u00c0 propos de nous<\/h2><\/div>\n\n\n\n<div class=\"wp-block-stackable-text stk-block-text stk-block stk-20681c7\" data-block-id=\"20681c7\"><style>.stk-20681c7{margin-bottom:50px !important}.stk-20681c7 .stk-block-text__text{font-size:24px !important;color:var(--stk-global-color-58054,#8c8c8c) !important;line-height:2em !important}@media screen and (max-width:1023px){.stk-20681c7 .stk-block-text__text{font-size:24px !important}}<\/style><p class=\"stk-block-text__text has-text-color has-stk-global-color-58054-color has-text-align-center\">La Cave Fin Bec \u00e0 Sion est situ\u00e9e au c\u0153ur de la r\u00e9gion viticole valaisanne et est entour\u00e9e de vignobles. La situation g\u00e9n\u00e9rale est \u00e0 la fois sp\u00e9ciale et pittoresque. Avec beaucoup de travail, de d\u00e9vouement et de comp\u00e9tence, Yvonne et Yvo Mathier se sont consacr\u00e9s sans compter au d\u00e9veloppement du domaine et de la marque Fin Bec au cours des 16 derni\u00e8res ann\u00e9es. Le respect des lignes directrices pour un traitement durable est une \u00e9vidence depuis longtemps. Fin Bec signifie le c\u00f4t\u00e9 cosmopolite du Rh\u00f4ne. Elle nous inspire pour cr\u00e9er des vins d'exception, comme seul le Valais peut les produire : nos assemblages, nos classiques, nos sp\u00e9cialit\u00e9s et les vins mousseux du Valais.<\/p><\/div>\n\n\n\n<div class=\"wp-block-stackable-heading stk-block-heading stk-block-heading--v2 stk-block stk-f5389e2\" id=\"philosophie-dentreprise\" data-block-id=\"f5389e2\"><style>.stk-f5389e2{margin-bottom:40px !important}<\/style><h3 class=\"stk-block-heading__text has-text-align-center stk-block-heading--use-theme-margins\">Philosophie d'entreprise<\/h3><\/div>\n\n\n\n<div class=\"wp-block-stackable-text stk-block-text stk-block stk-fda4162\" data-block-id=\"fda4162\"><style>.stk-fda4162 .stk-block-text__text{font-size:20px !important}@media screen and (max-width:1023px){.stk-fda4162 .stk-block-text__text{font-size:20px !important}}<\/style><p class=\"stk-block-text__text has-text-align-center\">Fin Bec signifie connaisseur, gourmet, gourmand et \u00e9picurien. Notre objectif est de r\u00e9pondre \u00e0 ces normes \u00e9lev\u00e9es. Nous recherchons toujours la perfection, partageons quelque chose de sp\u00e9cial, combinons le vin et l'art. Fin Bec est un d\u00e9lice pour le palais - et tous les sens.<\/p><\/div>\n<\/div><\/div><\/div>\n\n\n\n<div class=\"wp-block-stackable-column stk-block-column stk-column stk-block stk-172fe4c\" data-v=\"4\" data-block-id=\"172fe4c\"><style>@media screen and (min-width:768px){.stk-172fe4c{flex:1 1 calc(15% - var(--stk-column-gap,0px) * 2 \/ 3 ) !important}}<\/style><div class=\"stk-column-wrapper stk-block-column__content stk-container stk-172fe4c-container stk--no-background stk--no-padding\"><div class=\"stk-block-content stk-inner-blocks stk-172fe4c-inner-blocks\"><\/div><\/div><\/div>\n<\/div><\/div>\n\n\n\n<div class=\"wp-block-stackable-columns stk-block-columns stk-block stk-5cf5d48\" data-block-id=\"5cf5d48\"><div class=\"stk-row stk-inner-blocks stk-block-content stk-content-align stk-5cf5d48-column\">\n<div class=\"wp-block-stackable-column stk-block-column stk-column stk-block stk-27a9438\" data-v=\"4\" data-block-id=\"27a9438\"><div class=\"stk-column-wrapper stk-block-column__content stk-container stk-27a9438-container stk--no-background stk--no-padding\"><div class=\"stk-block-content stk-inner-blocks stk-27a9438-inner-blocks\">\n<div class=\"wp-block-stackable-image stk-block-image stk-block stk-f56f2c6\" data-block-id=\"f56f2c6\"><figure class=\"stk-img-wrapper stk-image--shape-stretch\"><img decoding=\"async\" class=\"stk-img wp-image-1279\" src=\"https:\/\/finbec.ch\/wp-content\/uploads\/2020\/10\/FinBecPic_ueberuns_FamilieMathier.jpg\" width=\"900\" height=\"600\" alt=\"Fin Bec - Familie Mathier\" title=\"\"><\/figure><\/div>\n<\/div><\/div><\/div>\n<\/div><\/div>\n\n\n\n\n\n<div class=\"wp-block-stackable-columns stk-block-columns stk-block stk-dbf6b69\" data-block-id=\"dbf6b69\"><style>.stk-dbf6b69{margin-top:60px !important;margin-bottom:50px !important}<\/style><div class=\"stk-row stk-inner-blocks stk-block-content stk-content-align stk-dbf6b69-column\">\n<div class=\"wp-block-stackable-column stk-block-column stk-column stk-block stk-695256e\" data-v=\"4\" data-block-id=\"695256e\"><div class=\"stk-column-wrapper stk-block-column__content stk-container stk-695256e-container stk--no-background stk--no-padding\"><div class=\"stk-block-content stk-inner-blocks stk-695256e-inner-blocks\">\n<div class=\"wp-block-stackable-image stk-block-image stk-block stk-9d632b2\" data-block-id=\"9d632b2\"><figure class=\"stk-img-wrapper stk-image--shape-stretch\"><img decoding=\"async\" class=\"stk-img wp-image-1297\" src=\"https:\/\/finbec.ch\/wp-content\/uploads\/2020\/10\/FinBecPic_landscape_Panorama.jpg\" width=\"1600\" height=\"800\" alt=\"Ansicht Weingut Cave Fin Bec SA mit Blick auf Berge\" title=\"\"><\/figure><\/div>\n<\/div><\/div><\/div>\n<\/div><\/div>\n\n\n\n<div class=\"wp-block-stackable-columns stk-block-columns stk-block stk-cfe0335\" data-block-id=\"cfe0335\"><style>.stk-cfe0335{margin-bottom:50px !important}<\/style><div class=\"stk-row stk-inner-blocks stk-block-content stk-content-align stk-cfe0335-column\">\n<div class=\"wp-block-stackable-column stk-block-column stk-column stk-block stk-b91660d\" data-v=\"4\" data-block-id=\"b91660d\"><style>@media screen and (min-width:768px){.stk-b91660d{flex:1 1 calc(15% - var(--stk-column-gap,0px) * 2 \/ 3 ) !important}}<\/style><div class=\"stk-column-wrapper stk-block-column__content stk-container stk-b91660d-container stk--no-background stk--no-padding\"><div class=\"stk-block-content stk-inner-blocks stk-b91660d-inner-blocks\"><\/div><\/div><\/div>\n\n\n\n<div class=\"wp-block-stackable-column stk-block-column stk-column stk-block stk-44a01bc\" data-v=\"4\" data-block-id=\"44a01bc\"><style>.stk-44a01bc-container{padding-top:30px !important;padding-right:30px !important;padding-bottom:30px !important;padding-left:30px !important}@media screen and (min-width:768px){.stk-44a01bc{flex:1 1 calc(70% - var(--stk-column-gap,0px) * 2 \/ 3 ) !important}}<\/style><div class=\"stk-column-wrapper stk-block-column__content stk-container stk-44a01bc-container stk--no-background stk--no-padding\"><div class=\"stk-block-content stk-inner-blocks stk-44a01bc-inner-blocks\">\n<div class=\"wp-block-stackable-heading stk-block-heading stk-block-heading--v2 stk-block stk-c9cc85d\" id=\"la-cave\" data-block-id=\"c9cc85d\"><style>.stk-c9cc85d{margin-bottom:50px !important}<\/style><h2 class=\"stk-block-heading__text has-text-align-center stk-block-heading--use-theme-margins\">La cave<\/h2><\/div>\n\n\n\n<div class=\"wp-block-stackable-heading stk-block-heading stk-block-heading--v2 stk-block stk-d6fa14c\" id=\"histoire\" data-block-id=\"d6fa14c\"><style>.stk-d6fa14c{margin-bottom:40px !important}<\/style><h3 class=\"stk-block-heading__text has-text-align-center stk-block-heading--use-theme-margins\">Histoire<\/h3><\/div>\n\n\n\n<p class=\"has-text-align-center has-medium-font-size wp-block-paragraph\" data-block-type=\"core\">Les fondations de la cave Fin Bec SA ont \u00e9t\u00e9 construites en 1969 \u00e0 Pont-de-la-Morge, dans la municipalit\u00e9 de Sion. Le nouveau b\u00e2timent et la r\u00e9novation de toute l'entreprise ont eu lieu en 2011 et 2012. Dans le cadre du r\u00e9am\u00e9nagement des locaux, une galerie spacieuse pour les expositions d'art a \u00e9t\u00e9 cr\u00e9\u00e9e, donnant \u00e0 Fin Bec un caract\u00e8re distinctif.<\/p>\n<\/div><\/div><\/div>\n\n\n\n<div class=\"wp-block-stackable-column stk-block-column stk-column stk-block stk-59cbc48\" data-v=\"4\" data-block-id=\"59cbc48\"><style>@media screen and (min-width:768px){.stk-59cbc48{flex:1 1 calc(15% - var(--stk-column-gap,0px) * 2 \/ 3 ) !important}}<\/style><div class=\"stk-column-wrapper stk-block-column__content stk-container stk-59cbc48-container stk--no-background stk--no-padding\"><div class=\"stk-block-content stk-inner-blocks stk-59cbc48-inner-blocks\"><\/div><\/div><\/div>\n<\/div><\/div>\n\n\n\n<div class=\"wp-block-stackable-columns stk-block-columns stk-block stk-44248ba\" data-block-id=\"44248ba\"><style>.stk-44248ba{margin-bottom:50px !important}<\/style><div class=\"stk-row stk-inner-blocks stk-block-content stk-content-align stk-44248ba-column\">\n<div class=\"wp-block-stackable-column stk-block-column stk-column stk-block stk-103dfba\" data-v=\"4\" data-block-id=\"103dfba\"><style>@media screen and (min-width:768px){.stk-103dfba{flex:1 1 calc(15% - var(--stk-column-gap,0px) * 2 \/ 3 ) !important}}<\/style><div class=\"stk-column-wrapper stk-block-column__content stk-container stk-103dfba-container stk--no-background stk--no-padding\"><div class=\"stk-block-content stk-inner-blocks stk-103dfba-inner-blocks\"><\/div><\/div><\/div>\n\n\n\n<div class=\"wp-block-stackable-column stk-block-column stk-column stk-block stk-fe8523b\" data-v=\"4\" data-block-id=\"fe8523b\"><style>.stk-fe8523b-container{padding-top:30px !important;padding-right:30px !important;padding-bottom:30px !important;padding-left:30px !important}@media screen and (min-width:768px){.stk-fe8523b{flex:1 1 calc(70% - var(--stk-column-gap,0px) * 2 \/ 3 ) !important}}<\/style><div class=\"stk-column-wrapper stk-block-column__content stk-container stk-fe8523b-container stk--no-background stk--no-padding\"><div class=\"stk-block-content stk-inner-blocks stk-fe8523b-inner-blocks\">\n<div class=\"wp-block-stackable-heading stk-block-heading stk-block-heading--v2 stk-block stk-77554de\" id=\"architecture\" data-block-id=\"77554de\"><style>.stk-77554de{margin-bottom:40px !important}<\/style><h3 class=\"stk-block-heading__text has-text-align-center stk-block-heading--use-theme-margins\">Architecture<\/h3><\/div>\n\n\n\n<p class=\"has-text-align-center has-medium-font-size wp-block-paragraph\" data-block-type=\"core\">La cave, con\u00e7ue par le c\u00e9l\u00e8bre architecte zurichois Prof. Peter M\u00e4rkli, impressionne par la clart\u00e9 de ses lignes et de ses contours. La pergola architecturale, form\u00e9e par 16 colonnes monumentales, ancre la cave \u00e0 vin dans le paysage, tout en int\u00e9grant le beau b\u00e2timent dans le vignoble m\u00e9ticuleusement am\u00e9nag\u00e9 et cultiv\u00e9. Les hauts plafonds, les immenses fa\u00e7ades vitr\u00e9es et le design int\u00e9rieur ouvert donnent l'impression d'\u00eatre dans la nature. La lumi\u00e8re et l'ombre sont habilement mises en sc\u00e8ne - la lumi\u00e8re du soleil p\u00e9n\u00e8tre dans le b\u00e2timent de toutes les directions. Le r\u00e9sultat est un lieu de d\u00e9tente harmonieux au milieu de la nature - un endroit o\u00f9 l'on se sent bien.<\/p>\n<\/div><\/div><\/div>\n\n\n\n<div class=\"wp-block-stackable-column stk-block-column stk-column stk-block stk-ce6568b\" data-v=\"4\" data-block-id=\"ce6568b\"><style>@media screen and (min-width:768px){.stk-ce6568b{flex:1 1 calc(15% - var(--stk-column-gap,0px) * 2 \/ 3 ) !important}}<\/style><div class=\"stk-column-wrapper stk-block-column__content stk-container stk-ce6568b-container stk--no-background stk--no-padding\"><div class=\"stk-block-content stk-inner-blocks stk-ce6568b-inner-blocks\"><\/div><\/div><\/div>\n<\/div><\/div>\n\n\n\n<div class=\"wp-block-stackable-columns stk-block-columns stk-block stk-a9851b3\" data-block-id=\"a9851b3\"><style>.stk-a9851b3{margin-bottom:50px !important}<\/style><div class=\"stk-row stk-inner-blocks stk-block-content stk-content-align stk-a9851b3-column\">\n<div class=\"wp-block-stackable-column stk-block-column stk-column stk-block stk-d794a46\" data-v=\"4\" data-block-id=\"d794a46\"><style>@media screen and (min-width:768px){.stk-d794a46{flex:1 1 calc(15% - var(--stk-column-gap,0px) * 2 \/ 3 ) !important}}<\/style><div class=\"stk-column-wrapper stk-block-column__content stk-container stk-d794a46-container stk--no-background stk--no-padding\"><div class=\"stk-block-content stk-inner-blocks stk-d794a46-inner-blocks\"><\/div><\/div><\/div>\n\n\n\n<div class=\"wp-block-stackable-column stk-block-column stk-column stk-block stk-de9689f\" data-v=\"4\" data-block-id=\"de9689f\"><style>.stk-de9689f-container{padding-top:30px !important;padding-right:30px !important;padding-bottom:30px !important;padding-left:30px !important}@media screen and (min-width:768px){.stk-de9689f{flex:1 1 calc(70% - var(--stk-column-gap,0px) * 2 \/ 3 ) !important}}<\/style><div class=\"stk-column-wrapper stk-block-column__content stk-container stk-de9689f-container stk--no-background stk--no-padding\"><div class=\"stk-block-content stk-inner-blocks stk-de9689f-inner-blocks\">\n<div class=\"wp-block-stackable-heading stk-block-heading stk-block-heading--v2 stk-block stk-2c76459\" id=\"durabilite\" data-block-id=\"2c76459\"><style>.stk-2c76459{margin-bottom:40px !important}<\/style><h3 class=\"stk-block-heading__text has-text-align-center stk-block-heading--use-theme-margins\">Durabilit\u00e9<\/h3><\/div>\n\n\n\n<p class=\"has-text-align-center wp-block-paragraph\" data-block-type=\"core\">Durabilit\u00e9 et comment nous la vivons au quotidien chez Cave Fin Bec :<br><br>Dans notre viticulture, la durabilit\u00e9 est un processus dynamique qui n\u00e9cessite des am\u00e9liorations et des innovations continues. Il s'agit pour nous de r\u00e9pondre aux besoins actuels sans compromettre les besoins des g\u00e9n\u00e9rations futures.<br><br>Notre production de vin durable vise \u00e0 produire un vin d'excellente qualit\u00e9, qui refl\u00e8te le terroir et le caract\u00e8re du Valais, tout en prot\u00e9geant notre environnement, en soutenant l'\u00e9conomie locale et en assumant une responsabilit\u00e9 sociale.<br><br>Cave Fin Bec contributions pour un pr\u00e9sent et un avenir plus durables:<\/p>\n\n\n\n<ul class=\"wp-block-list\" data-block-type=\"core\">\n<li data-block-type=\"core\">Culture et pr\u00e9servation de c\u00e9pages autochtones qui contribuent \u00e0 la promotion de la biodiversit\u00e9 valaisanne.<\/li>\n\n\n\n<li data-block-type=\"core\">Protection de la biodiversit\u00e9 et de l'habitat de la flore et de la faune.<\/li>\n\n\n\n<li data-block-type=\"core\">Promotion de la biodiversit\u00e9 locale gr\u00e2ce \u00e0 nos propres colonies d'\"abeilles noires europ\u00e9ennes\", qui pollinisent naturellement les plantes utiles locales \u00e0 diff\u00e9rentes altitudes.<\/li>\n\n\n\n<li data-block-type=\"core\">Abandonner les ressources fossiles pour la production d'\u00e9nergie.<\/li>\n\n\n\n<li data-block-type=\"core\">L'\u00e9nergie solaire produit l'ensemble de nos besoins en \u00e9nergie dans notre propre installation solaire. L'\u00e9nergie non utilis\u00e9e est inject\u00e9e dans le r\u00e9seau local.<\/li>\n\n\n\n<li data-block-type=\"core\">Utilisation d'emballages d'exp\u00e9dition recyclables qui peuvent \u00eatre r\u00e9utilis\u00e9s.<\/li>\n\n\n\n<li data-block-type=\"core\">Bouchage de nos vins Cave Fin Bec avec un syst\u00e8me de fermeture 100 % recyclable.<\/li>\n\n\n\n<li data-block-type=\"core\">R\u00e9duction des \u00e9missions de CO2 gr\u00e2ce \u00e0 des circuits de production et de distribution courts.<\/li>\n<\/ul>\n<\/div><\/div><\/div>\n\n\n\n<div class=\"wp-block-stackable-column stk-block-column stk-column stk-block stk-cc8a472\" data-v=\"4\" data-block-id=\"cc8a472\"><style>@media screen and (min-width:768px){.stk-cc8a472{flex:1 1 calc(15% - var(--stk-column-gap,0px) * 2 \/ 3 ) !important}}<\/style><div class=\"stk-column-wrapper stk-block-column__content stk-container stk-cc8a472-container stk--no-background stk--no-padding\"><div class=\"stk-block-content stk-inner-blocks stk-cc8a472-inner-blocks\"><\/div><\/div><\/div>\n<\/div><\/div>\n","protected":false},"excerpt":{"rendered":"<p>\u00c0 propos de nous La Cave Fin Bec \u00e0 Sion est situ\u00e9e au c\u0153ur de la r\u00e9gion viticole valaisanne et est entour\u00e9e de vignobles. La situation g\u00e9n\u00e9rale est \u00e0 la fois sp\u00e9ciale et pittoresque. Avec beaucoup de travail, de d\u00e9vouement et de comp\u00e9tence, Yvonne et Yvo Mathier se sont consacr\u00e9s sans compter au d\u00e9veloppement du [&hellip;]<\/p>\n","protected":false},"author":1,"featured_media":1277,"parent":5256,"menu_order":1,"comment_status":"closed","ping_status":"closed","template":"","meta":{"_acf_changed":false,"ct_builder_shortcodes":"","ct_template_type":"","ct_parent_template":0,"footnotes":""},"class_list":["post-5262","page","type-page","status-publish","has-post-thumbnail","hentry"],"acf":[],"_links":{"self":[{"href":"https:\/\/finbec.ch\/fr\/wp-json\/wp\/v2\/pages\/5262","targetHints":{"allow":["GET"]}}],"collection":[{"href":"https:\/\/finbec.ch\/fr\/wp-json\/wp\/v2\/pages"}],"about":[{"href":"https:\/\/finbec.ch\/fr\/wp-json\/wp\/v2\/types\/page"}],"author":[{"embeddable":true,"href":"https:\/\/finbec.ch\/fr\/wp-json\/wp\/v2\/users\/1"}],"replies":[{"embeddable":true,"href":"https:\/\/finbec.ch\/fr\/wp-json\/wp\/v2\/comments?post=5262"}],"version-history":[{"count":0,"href":"https:\/\/finbec.ch\/fr\/wp-json\/wp\/v2\/pages\/5262\/revisions"}],"up":[{"embeddable":true,"href":"https:\/\/finbec.ch\/fr\/wp-json\/wp\/v2\/pages\/5256"}],"wp:featuredmedia":[{"embeddable":true,"href":"https:\/\/finbec.ch\/fr\/wp-json\/wp\/v2\/media\/1277"}],"wp:attachment":[{"href":"https:\/\/finbec.ch\/fr\/wp-json\/wp\/v2\/media?parent=5262"}],"curies":[{"name":"wp","href":"https:\/\/api.w.org\/{rel}","templated":true}]}}